{"id":32052,"date":"2026-05-13T20:44:18","date_gmt":"2026-05-13T18:44:18","guid":{"rendered":"https:\/\/clinicafertia.com\/politica-de-privacidad"},"modified":"2026-08-01T11:46:00","modified_gmt":"2026-08-01T09:46:00","slug":"politica-de-privacidad","status":"publish","type":"page","link":"https:\/\/clinicafertia.com\/it\/politica-de-privacidad","title":{"rendered":"Informativa sulla Privacy"},"content":{"rendered":"\t\t<div data-elementor-type=\"wp-page\" data-elementor-id=\"32052\" class=\"elementor elementor-32052 elementor-29761\" data-elementor-post-type=\"page\">\n\t\t\t\t<div class=\"elementor-element elementor-element-4c7e1d7 e-flex e-con-boxed e-con e-parent\" data-id=\"4c7e1d7\" data-element_type=\"container\" data-e-type=\"container\" data-settings=\"{&quot;background_background&quot;:&quot;classic&quot;}\">\n\t\t\t\t\t<div class=\"e-con-inner\">\n\t\t\t\t<div class=\"elementor-element elementor-element-77c1cb4 elementor-widget elementor-widget-text-editor\" data-id=\"77c1cb4\" data-element_type=\"widget\" data-e-type=\"widget\" data-widget_type=\"text-editor.default\">\n\t\t\t\t\t\t\t\t\t<h1>Informativa sulla Protezione dei Dati<\/h1>\n\t\t\t\t\t\t\t\t<\/div>\n\t\t\t\t\t<\/div>\n\t\t\t\t<\/div>\n\t\t<div class=\"elementor-element elementor-element-e5051b7 e-flex e-con-boxed e-con e-parent\" data-id=\"e5051b7\" data-element_type=\"container\" data-e-type=\"container\">\n\t\t\t\t\t<div class=\"e-con-inner\">\n\t\t\t\t<div class=\"elementor-element elementor-element-68aa705 elementor-widget elementor-widget-text-editor\" data-id=\"68aa705\" data-element_type=\"widget\" data-e-type=\"widget\" data-widget_type=\"text-editor.default\">\n\t\t\t\t\t\t\t\t\t<p class=\"p1\"><b>Informativa sulla Protezione dei dati di<\/b> <b><span class=\"Apple-converted-space\">\u00a0 <\/span><\/b><span class=\"s1\">OY FERTIA COSTA DEL SOL SL<\/span><b>.<\/b><\/p>\n<p class=\"p1\"><b>1- Chi \u00e8 il Titolare del trattamento dei Suoi dati?<\/b><\/p>\n<p class=\"p3\">Il titolare dei trattamenti di dati relativi ai diversi processi riguardanti la gestione di utenti, clienti e clienti potenziali, collaboratori e fornitori \u00e8 <span class=\"s1\"> OY FERTIA COSTA DEL SOL SL<\/span><span class=\"Apple-converted-space\">,<\/span> con sede legale in AVDA. ALCALDE CLEMENTE, 4 BAJO 29640 FUENGIROLA (provincia di MALAGA) e CIF<span class=\"Apple-converted-space\">\u00a0 <\/span>B92161223.<\/p>\n<p class=\"p3\"><b>Ai fini della nostra informativa sulla protezione dei dati, il telefono di contatto \u00e8 952592323 e l\u2019indirizzo e-mail di contatto \u00e8 clinicafertia@clinicafertia.com<\/b><\/p>\n<p class=\"p1\"><b>2.- Che tipo di dati abbiamo sulla Sua persona e come li abbiamo ottenuti? <\/b><\/p>\n<p class=\"p5\">Le categorie di dati personali che <span class=\"Apple-converted-space\">\u00a0 <\/span><span class=\"s1\">OY FERTIA COSTA DEL SOL SL<\/span><span class=\"Apple-converted-space\">\u00a0 <\/span>tratta relativamente ai propri clienti e fornitori sono:<\/p>\n<ul class=\"ul1\">\n<li class=\"li1\">Dati identificativi<\/li>\n<li class=\"li1\">Indirizzi postali o elettronici<\/li>\n<li class=\"li1\">Informazioni commerciali<\/li>\n<li class=\"li1\">Dati economici e delle transazioni<\/li>\n<li class=\"li1\">Immagine<\/li>\n<\/ul>\n<p class=\"p7\">Tutti i dati sopra menzionati li abbiamo ottenuti o direttamente da Lei mediante la presentazione di un\u2019offerta commerciale, proposta contrattuale, ecc., oppure tramite la Sua azienda, fornendoci i dati identificativi e le altre informazioni necessarie per realizzare l\u2019oggetto del rapporto contrattuale tra le parti. Sar\u00e0 un Suo obbligo o della Sua azienda fornirci i dati aggiornati in caso di modifica. Per quanto riguarda i dati dei candidati a un impiego, abbiamo ottenuto i Suoi dati mediante la presentazione di un CV da parte Sua o la ricezione della Sua candidatura tramite i servizi di un portale di lavoro. In quest\u2019ultimo caso Lei ha autorizzato tale cessione dei Suoi dati alla nostra azienda inserendo i Suoi dati curriculari nel portale di lavoro.<\/p>\n<p class=\"p1\"><b>3.-Per quanto tempo conserveremo i Suoi dati? <\/b><\/p>\n<p class=\"p9\">I dati personali relativi a persone fisiche collegate a clienti potenziali, clienti e fornitori che <span class=\"Apple-converted-space\">\u00a0\u00a0 <\/span>raccogliamo mediante i diversi moduli di contatto e\/o di raccolta di informazioni saranno conservati fino a quando l\u2019interessato non ne richieda la cancellazione. I dati forniti dai nostri clienti e fornitori saranno conservati per tutta la durata del rapporto commerciale tra le parti, rispettando in ogni caso i termini minimi legali di conservazione a seconda della materia.<\/p>\n<p class=\"p9\">In ogni caso<b><span class=\"Apple-converted-space\">\u00a0 <\/span><\/b>conserveremo i Suoi dati personali per il periodo di tempo ragionevolmente necessario, tenendo conto delle nostre esigenze di rispondere a questioni che si presentino o risolvere problemi, apportare miglioramenti, attivare nuovi servizi e adempiere ai requisiti richiesti dalla normativa applicabile. Ci\u00f2 significa che possiamo conservare i Suoi dati personali per un periodo di tempo ragionevole anche dopo che Lei abbia smesso di utilizzare i nostri prodotti o di utilizzare questo sito web. Trascorso tale periodo, i Suoi dati personali saranno cancellati da tutti i sistemi di <span class=\"s1\">OY FERTIA COSTA DEL SOL SL<\/span><b>.<\/b><\/p>\n<p class=\"p1\"><b>4.- Con quale finalit\u00e0 e su quale base giuridica trattiamo i Suoi dati?<\/b><\/p>\n<p class=\"p9\">Sono <b><span class=\"Apple-converted-space\">tr<\/span><\/b>attati i dati che ci forniscono gli interessati al fine di gestire diverse attivit\u00e0 derivanti da procedure specifiche realizzate in materia di vendite, assistenza post-vendita, gestione dei fornitori, gestione dei candidati, qualit\u00e0 dei servizi, ecc. In questo modo, utilizzeremo i Suoi dati per svolgere alcune delle seguenti azioni basandoci sulla rispettiva base giuridica:<\/p>\n<table width=\"376\">\n<tbody>\n<tr>\n<td style=\"width: 180px;\">\n<p class=\"p1\"><strong>FINALIT\u00c0 DEL TRATTAMENTO<\/strong><\/p>\n<\/td>\n<td style=\"width: 180px;\">\n<p class=\"p1\"><strong>BASE GIURIDICA<\/strong><\/p>\n<\/td>\n<\/tr>\n<tr>\n<td style=\"width: 180px;\">\n<p class=\"p1\"><strong>Sorveglianza e controllo degli accessi ai locali<\/strong><\/p>\n<\/td>\n<td style=\"width: 180px;\">\n<p class=\"p1\">Interesse legittimo del titolare<\/p>\n<\/td>\n<\/tr>\n<tr>\n<td style=\"width: 180px;\">\n<p class=\"p1\"><b>Gestione contabile, fiscale, amministrativa e fatturazione dei clienti<\/b><\/p>\n<\/td>\n<td style=\"width: 180px;\">\n<p class=\"p1\">Esecuzione (pre)contrattuale; Obbligo normativo<\/p>\n<\/td>\n<\/tr>\n<tr>\n<td style=\"width: 180px;\">\n<p class=\"p1\"><b>Gestione dei dati dei pazienti e della loro cartella clinica.<\/b><\/p>\n<\/td>\n<td style=\"width: 180px;\">\n<p class=\"p1\">Esecuzione (pre)contrattuale<\/p>\n<\/td>\n<\/tr>\n<tr>\n<td style=\"width: 180px;\">\n<p class=\"p1\"><b>Gestione fiscale, contabile e amministrativa con i fornitori<\/b><\/p>\n<\/td>\n<td style=\"width: 180px;\">\n<p class=\"p1\">Esecuzione (pre)contrattuale; Obbligo normativo<\/p>\n<\/td>\n<\/tr>\n<tr>\n<td style=\"width: 180px;\">\n<p class=\"p1\"><b>Processi di ricerca, valutazione e selezione dei candidati<\/b><\/p>\n<\/td>\n<td style=\"width: 180px;\">\n<p class=\"p1\">Consenso dell\u2019interessato<\/p>\n<\/td>\n<\/tr>\n<tr>\n<td style=\"width: 180px;\">\n<p class=\"p1\"><b>Gestione della stipula di contratti da parte di clienti persone fisiche in forma cartacea, elettronica o telefonica.<\/b><\/p>\n<\/td>\n<td style=\"width: 180px;\">\n<p class=\"p1\">Esecuzione (pre)contrattuale<\/p>\n<\/td>\n<\/tr>\n<\/tbody>\n<\/table>\n<p class=\"p1\">Per quanto riguarda la base giuridica citata, Lei \u00e8 tenuto a fornire i dati personali; nel caso in cui non fornisca i propri dati di carattere personale non sar\u00e0 possibile dare esecuzione al Suo contratto, adempiere agli obblighi di legge o a quelli derivanti dai pubblici poteri.<\/p>\n<p class=\"p1\"><b>5.- A quali destinatari saranno comunicati i Suoi dati?<\/b><\/p>\n<p class=\"p1\"><span class=\"s1\">OY FERTIA COSTA DEL SOL SL<\/span> <span class=\"Apple-converted-space\">\u00a0 <\/span>non condivider\u00e0 mai i Suoi dati personali con alcuna societ\u00e0 terza che intenda utilizzarli per le proprie attivit\u00e0 di marketing diretto, salvo nel caso in cui Lei ci abbia espressamente autorizzato a farlo.<\/p>\n<p class=\"p1\">La informiamo che possiamo fornire i Suoi dati personali a organismi della Pubblica Amministrazione e alle Autorit\u00e0 competenti nei casi in cui OY FERTIA COSTA DEL SOL SL riceva una richiesta legale da parte di tali Autorit\u00e0 o nei casi in cui, agendo in buona fede, riteniamo che tale azione sia ragionevolmente necessaria per adempiere a un procedimento giudiziario; per rispondere a qualsiasi reclamo o azione legale; o per tutelare i diritti di OY FERTIA COSTA DEL SOL SL o dei suoi clienti e del pubblico in generale.<\/p>\n<p class=\"p1\"><span class=\"s1\">OY FERTIA COSTA DEL SOL SL<\/span><span class=\"Apple-converted-space\">\u00a0\u00a0 <\/span>pu\u00f2 fornire i Suoi dati personali a soggetti terzi (es. fornitori di servizi Internet che ci aiutano ad amministrare il nostro sito web o a realizzare i servizi contrattati, aziende di supporto e manutenzione informatica, aziende di logistica, studi di consulenza fiscale e contabile, ecc.). In ogni caso, tali soggetti terzi devono mantenere, in ogni momento, gli stessi livelli di sicurezza in relazione ai Suoi dati personali e, quando necessario, saranno vincolati da impegni legali al fine di custodire i Suoi dati personali in modo riservato e sicuro, e al fine di utilizzare le informazioni unicamente seguendo istruzioni specifiche.<\/p>\n<p style=\"text-align: center;\"><strong>Elenco dei Destinatari di Trasferimenti Internazionali in materia di gestione di Utenti, Clienti e Fornitori<\/strong><\/p>\n<table width=\"475\">\n<tbody>\n<tr>\n<td style=\"width: 88px;\">\n<p class=\"p1\">Nome del Destinatario<\/p>\n<\/td>\n<td style=\"width: 88px;\">\n<p class=\"p1\">Paese di destinazione<\/p>\n<\/td>\n<td style=\"width: 88px;\">\n<p class=\"p1\">Finalit\u00e0 del trasferimento dei dati<\/p>\n<\/td>\n<td style=\"width: 88px;\">\n<p class=\"p1\">Autorizzazione al trasferimento internazionale<\/p>\n<\/td>\n<td style=\"width: 89px;\">\n<p class=\"p1\">Profilo del destinatario\u00b9<\/p>\n<\/td>\n<\/tr>\n<tr>\n<td style=\"width: 88px;\"> <\/td>\n<td style=\"width: 88px;\"> <\/td>\n<td style=\"width: 88px;\"> <\/td>\n<td style=\"width: 88px;\"> <\/td>\n<td style=\"width: 89px;\"> <\/td>\n<\/tr>\n<\/tbody>\n<\/table>\n<p class=\"p1\"><i>\u00b9 <\/i><b><i>Responsabile del Trattamento<\/i><\/b><i>: soggetto terzo che presta servizi alla nostra entit\u00e0; il trattamento dei dati avviene secondo le nostre istruzioni e sotto la nostra responsabilit\u00e0<\/i><\/p>\n<p class=\"p1\"><i>\u00a0 <\/i><b><i>Sub-responsabile del Trattamento:<\/i><\/b><i> soggetto terzo che ci presta servizi indirettamente mediante la prestazione di servizi al nostro responsabile del trattamento. Il sub-responsabile del trattamento si attiene alle istruzioni operative fornite dal responsabile e di conseguenza \u00e8 sotto il controllo della nostra entit\u00e0 in qualit\u00e0 di Titolare del Trattamento.<\/i><\/p>\n<p class=\"p1\"><b><i>Cessionario<\/i><\/b><i>: soggetto terzo che ottiene i dati sulla base di un\u2019autorizzazione legale, della necessit\u00e0 di agevolare la prestazione di un servizio o del consenso dell\u2019interessato stesso. Una volta effettuata la comunicazione dei dati, il cessionario diventa Titolare del Trattamento rispetto ai dati ceduti.<\/i><span style=\"font-size: 16px;\"> <\/span><\/p>\n<p class=\"p1\"><b>6.- Quali sono i Suoi diritti in quanto interessato? <\/b><\/p>\n<p class=\"p1\">Chiunque ha il diritto di ottenere conferma se<span class=\"Apple-converted-space\">\u00a0 <\/span><span class=\"s1\">OY FERTIA COSTA DEL SOL SL<\/span><span class=\"Apple-converted-space\">\u00a0\u00a0 <\/span>stia trattando o meno dati personali che lo riguardano.<\/p>\n<p class=\"p1\">In particolare, gli interessati possono richiedere il <b>diritto di accesso<\/b> ai propri dati personali, nonch\u00e9 riceverli in un formato comune e leggibile da dispositivo automatico se il trattamento avviene con mezzi elettronici (<b>diritto alla portabilit\u00e0<\/b>).<\/p>\n<p class=\"p1\">Allo stesso modo, gli interessati possono richiedere il <b>diritto di rettifica<\/b> dei dati inesatti o, se del caso, richiederne la <b>cancellazione<\/b> quando, tra gli altri motivi, i dati non siano pi\u00f9 necessari per le finalit\u00e0 per cui sono stati raccolti.<\/p>\n<p class=\"p1\">In aggiunta, in determinate circostanze, gli interessati potranno richiedere la <b>limitazione del trattamento dei propri dati<\/b>, oppure, in determinate circostanze e per motivi legati alla loro situazione particolare, gli interessati potranno esercitare il proprio <b>diritto di opporsi<\/b> al trattamento dei propri dati.<span class=\"Apple-converted-space\">\u00a0\u00a0 <\/span><span class=\"s1\">OY FERTIA COSTA DEL SOL SL<\/span><span class=\"Apple-converted-space\">\u00a0 <\/span>cesser\u00e0 di trattare i dati, salvo per motivi legittimi imperativi, o per l\u2019esercizio o la difesa di eventuali reclami o nelle eccezioni stabilite dalla normativa applicabile.<\/p>\n<p class=\"p1\">La informiamo inoltre che ha il diritto di revocare in qualsiasi momento i consensi prestati, senza che ci\u00f2 pregiudichi la liceit\u00e0 del trattamento basato sul consenso prestato prima della revoca.<\/p>\n<p class=\"p1\">Si informa altres\u00ec l\u2019Utente che in qualsiasi momento pu\u00f2 esercitare i diritti menzionati rivolgendosi per iscritto a<span class=\"Apple-converted-space\">\u00a0 <\/span>noi utilizzando i dati di contatto che compaiono nella Sezione 1, \u2018Titolare del trattamento\u2019 della presente informativa sulla Protezione dei Dati e Privacy di <span class=\"Apple-converted-space\">\u00a0 <\/span><span class=\"s1\">OY FERTIA COSTA DEL SOL SL<\/span><span class=\"Apple-converted-space\">\u00a0 <\/span>, allegando copia del proprio documento d\u2019identit\u00e0.<span class=\"Apple-converted-space\">\u00a0 <\/span>Allo stesso modo, pu\u00f2 inviarci un\u2019e-mail all\u2019indirizzo clinicafertia@clinicafertia.com .<\/p>\n<p class=\"p1\">Lei avr\u00e0 inoltre il diritto di presentare un reclamo dinanzi all\u2019Agenzia Spagnola per la Protezione dei Dati, in particolare quando non abbia ottenuto soddisfazione nell\u2019esercizio dei propri diritti.<\/p>\n<p class=\"p1\"><b>Agenzia Spagnola per la Protezione dei Dati.<\/b><\/p>\n<p class=\"p1\"><b>C\/ Jorge Juan, 6<\/b><\/p>\n<p class=\"p1\"><b>28001 \u2013 Madrid<\/b><\/p>\n<p class=\"p1\"><b>Tel. 901100099 \/ 912663517<\/b><\/p>\n<p class=\"p1\"><b>7.- Protezione dei dati degli utenti del sito web.<\/b><\/p>\n<p class=\"p1\">In conformit\u00e0 al vigente Regolamento (UE) 2016\/679, <span class=\"Apple-converted-space\">\u00a0 <\/span><span class=\"s1\">OY FERTIA COSTA DEL SOL SL<\/span> <span class=\"Apple-converted-space\">\u00a0 <\/span>informa che i dati di carattere personale degli Utenti del sito web saranno trattati per l\u2019attivit\u00e0 di trattamento indicata in ciascun modulo di raccolta dati del nostro sito web da parte di<span class=\"Apple-converted-space\">\u00a0 <\/span><span class=\"s1\">OY FERTIA COSTA DEL SOL SL<\/span> <span class=\"Apple-converted-space\">\u00a0 <\/span>. Tale trattamento dei Suoi dati sar\u00e0 fondato sul Suo stesso consenso.<span class=\"Apple-converted-space\">\u00a0 <\/span>Premendo il pulsante \u201cINVIA\u201d, l\u2019Utente acconsente al trattamento dei propri dati da parte di <span class=\"Apple-converted-space\">\u00a0 <\/span><span class=\"s1\">OY FERTIA COSTA DEL SOL SL<\/span> <span class=\"Apple-converted-space\">\u00a0 <\/span>.<\/p>\n<p class=\"p1\">La informiamo inoltre che, salvo obbligo legale o consenso espresso da parte Sua,<span class=\"Apple-converted-space\">\u00a0 <\/span><span class=\"s1\">OY FERTIA COSTA DEL SOL SL<\/span><span class=\"Apple-converted-space\">\u00a0\u00a0 <\/span>non ceder\u00e0 i Suoi dati a soggetti terzi.<\/p>\n<p class=\"p1\">Si informa altres\u00ec l\u2019Utente che in qualsiasi momento pu\u00f2 esercitare i diritti di accesso, rettifica<span class=\"Apple-converted-space\">\u00a0 <\/span>o cancellazione dei dati, nonch\u00e9 avvalersi degli altri diritti riconosciuti nel presente documento e disciplinati dal Regolamento (UE) 2016\/679<span class=\"Apple-converted-space\">\u00a0 <\/span>, dandone comunicazione a<span class=\"Apple-converted-space\">\u00a0\u00a0 <\/span><span class=\"s1\">OY FERTIA COSTA DEL SOL SL<\/span><span class=\"Apple-converted-space\">\u00a0 <\/span>, AVDA. ALCALDE CLEMENTE, 4 BAJO 29640 FUENGIROLA (provincia di MALAGA) , e-mail: clinicafertia@clinicafertia.com. D\u2019altra parte, in conformit\u00e0 a quanto disposto dalla Legge 34\/2002, dell\u201911 luglio, sui Servizi della Societ\u00e0 dell\u2019Informazione e del Commercio Elettronico, <span class=\"s1\"> OY FERTIA COSTA DEL SOL SL<\/span><span class=\"Apple-converted-space\">\u00a0\u00a0 <\/span>si impegna a non inviare pubblicit\u00e0 tramite posta elettronica senza aver prima ottenuto l\u2019espressa autorizzazione del destinatario. L\u2019Utente potr\u00e0 opporsi all\u2019invio di pubblicit\u00e0 spuntando la casella corrispondente.<\/p>\n<p class=\"p2\">\n<p class=\"p1\"><b>8.- Altre informazioni di interesse sulla nostra informativa sulla privacy<\/b><\/p>\n<p class=\"p1\"><b>8.1 &#8211;<span class=\"Apple-converted-space\">\u00a0 <\/span>Misure di Sicurezza<\/b><\/p>\n<p class=\"p1\"><span class=\"Apple-converted-space\">\u00a0 <\/span><span class=\"s1\">OY FERTIA COSTA DEL SOL SL<\/span> <span class=\"Apple-converted-space\">\u00a0 <\/span>adotta i livelli di sicurezza richiesti dalla normativa Europea e Spagnola vigente in materia di protezione dei dati, tenendo conto dello stato della tecnica, dei costi di applicazione e della natura, dell\u2019ambito, del contesto e delle finalit\u00e0 del trattamento descritti, nonch\u00e9 dei rischi di probabilit\u00e0 e gravit\u00e0 variabili per i Suoi diritti e libert\u00e0 in quanto persona.<\/p>\n<p class=\"p1\"><b>8.2 &#8211; Trattamento dei dati dei minori<\/b><\/p>\n<p class=\"p1\">Ai sensi del RGPD UE 679\/2016 e del RD 1720\/2007 i minori di et\u00e0 superiore ai 14 anni possono prestare il proprio consenso alla sottoscrizione di servizi della societ\u00e0 dell\u2019informazione, come pu\u00f2 essere l\u2019iscrizione a un forum, la compilazione di un modulo di contatto, ecc. Tuttavia, sar\u00e0 responsabilit\u00e0 di <span class=\"Apple-converted-space\">\u00a0 <\/span><span class=\"s1\">OY FERTIA COSTA DEL SOL SL<\/span><span class=\"Apple-converted-space\">\u00a0 <\/span>verificare la veridicit\u00e0 dell\u2019et\u00e0 indicata dal minore.<\/p>\n<p class=\"p1\">Per il trattamento dei dati dei minori di 14 anni tale raccolta di dati sar\u00e0 effettuata sempre previo espresso consenso dei genitori o dei tutori legali.<\/p>\n<p class=\"p1\"><b>8.3 &#8211; Modifiche della nostra Informativa sulla Protezione dei Dati e Privacy<\/b><\/p>\n<p class=\"p1\">Occasionalmente, <span class=\"s1\"> OY FERTIA COSTA DEL SOL SL<\/span> <span class=\"Apple-converted-space\">\u00a0 <\/span>potr\u00e0 apportare modifiche e correzioni a questa sezione di Informativa sulla Protezione dei Dati per Clienti, Fornitori e Utenti. La preghiamo di verificare regolarmente questa sezione per consultare le modifiche che possano essere state apportate e in che modo possano riguardarLa.<\/p>\n<p class=\"p3\"><b>8.4 &#8211;<span class=\"Apple-converted-space\">\u00a0 <\/span>Perch\u00e9 \u00e8 necessario accettare questa Informativa sulla Protezione dei Dati e Privacy?<\/b><\/p>\n<p class=\"p1\">Questa sezione di Informativa sulla Protezione dei Dati per Clienti, Fornitori e Utenti Le fornisce in modo facilmente accessibile tutte le informazioni necessarie affinch\u00e9 possa conoscere la tipologia di dati che <span class=\"s1\"> OY FERTIA COSTA DEL SOL SL<\/span><span class=\"Apple-converted-space\">\u00a0\u00a0 <\/span>conserva sui propri clienti potenziali, clienti e\/o fornitori, le finalit\u00e0 perseguite, i diritti che la normativa sulla protezione dei dati Le riconosce in quanto persona interessata e il modo di esercitare tali diritti. Pertanto, con l\u2019invio deliberato dei Suoi dati personali tramite i nostri mezzi di contatto e\/o con l\u2019avvio del rapporto commerciale con la nostra azienda riteniamo che Lei riconosca e accetti il trattamento dei Suoi dati personali cos\u00ec come descritto nella presente informativa. Queste informazioni personali saranno utilizzate soltanto per le finalit\u00e0 per le quali ce le ha fornite o per le quali determinate normative nazionali o regionali ci autorizzano a farlo.<\/p>\n<p class=\"p1\">In ogni caso, dobbiamo avvertirLa che un Suo rifiuto a fornirci determinati dati richiesti potrebbe ostacolare lo sviluppo del rapporto contrattuale tra le parti con possibili gravi conseguenze al momento di erogare le diverse prestazioni previste all\u2019interno del contratto commerciale stipulato con la parte contraente.<\/p>\n<p class=\"p1\">Se ha qualsiasi domanda in relazione a questa sezione di Informativa sulla Protezione dei Dati per i Clienti Potenziali, Clienti e Fornitori di<span class=\"Apple-converted-space\">\u00a0\u00a0 <\/span><span class=\"s1\">OY FERTIA COSTA DEL SOL SL<\/span><span class=\"Apple-converted-space\">\u00a0 <\/span>, La preghiamo di contattare l\u2019azienda utilizzando l\u2019indirizzo fornito nella Sezione prima \u2018Titolare del Trattamento\u2019 e saremo lieti di assisterLa e di rispondere alle questioni aggiuntive che vorr\u00e0 porci.<\/p>\n<p class=\"p2\">\n<p class=\"p1\"><b>9.- Legislazione applicabile<\/b><\/p>\n<p class=\"p1\">Le presenti Condizioni saranno regolate in ogni momento da quanto disposto dalla legislazione spagnola ed europea in materia di protezione dei dati di carattere personale e di privacy.<\/p>\n<p class=\"p1\">\n<p class=\"p1\"><strong><em>Scopri come Google utilizza i tuoi dati: <a href=\"https:\/\/business.safety.google\/privacy\/\" target=\"_blank\" rel=\"noopener\" data-saferedirecturl=\"https:\/\/www.google.com\/url?q=https:\/\/business.safety.google\/privacy\/&amp;source=gmail&amp;ust=1782156431295000&amp;usg=AOvVaw3nPrp21R7sD7bCORVdqd4x\">Sito di Responsabilit\u00e0 dei Dati di Google<\/a><\/em><\/strong><\/p>\n\t\t\t\t\t\t\t\t<\/div>\n\t\t\t\t\t<\/div>\n\t\t\t\t<\/div>\n\t\t\t\t<\/div>\n\t\t","protected":false},"excerpt":{"rendered":"<p>Informativa sulla Protezione dei Dati Informativa sulla Protezione dei dati di \u00a0 OY FERTIA COSTA DEL SOL SL. 1- Chi \u00e8 il Titolare del trattamento dei Suoi dati? Il titolare dei trattamenti di dati relativi ai diversi processi riguardanti la gestione di utenti, clienti e clienti potenziali, collaboratori e fornitori \u00e8 OY FERTIA COSTA DEL [&hellip;]<\/p>\n","protected":false},"author":3,"featured_media":0,"parent":0,"menu_order":0,"comment_status":"closed","ping_status":"closed","template":"","meta":{"footnotes":""},"class_list":["post-32052","page","type-page","status-publish","hentry"],"yoast_head":"<!-- This site is optimized with the Yoast SEO Premium plugin v27.9 (Yoast SEO v28.4) - https:\/\/yoast.com\/product\/yoast-seo-premium-wordpress\/ -->\n<title>Informativa sulla Privacy - Cl\u00ednica Fertia<\/title>\n<meta name=\"robots\" content=\"noindex, nofollow\" \/>\n<meta property=\"og:locale\" content=\"it_IT\" \/>\n<meta property=\"og:type\" content=\"article\" \/>\n<meta property=\"og:title\" content=\"Informativa sulla Privacy\" \/>\n<meta property=\"og:description\" content=\"Informativa sulla Protezione dei Dati Informativa sulla Protezione dei dati di \u00a0 OY FERTIA COSTA DEL SOL SL. 1- Chi \u00e8 il Titolare del trattamento dei Suoi dati? Il titolare dei trattamenti di dati relativi ai diversi processi riguardanti la gestione di utenti, clienti e clienti potenziali, collaboratori e fornitori \u00e8 OY FERTIA COSTA DEL [&hellip;]\" \/>\n<meta property=\"og:url\" content=\"https:\/\/clinicafertia.com\/it\/politica-de-privacidad\" \/>\n<meta property=\"og:site_name\" content=\"Cl\u00ednica Fertia\" \/>\n<meta property=\"article:publisher\" content=\"https:\/\/www.facebook.com\/Clinica.Fertia\/\" \/>\n<meta property=\"article:modified_time\" content=\"2026-08-01T09:46:00+00:00\" \/>\n<meta name=\"twitter:card\" content=\"summary_large_image\" \/>\n<meta name=\"twitter:label1\" content=\"Tempo di lettura stimato\" \/>\n\t<meta name=\"twitter:data1\" content=\"11 minuti\" \/>\n<script type=\"application\/ld+json\" class=\"yoast-schema-graph\">{\"@context\":\"https:\\\/\\\/schema.org\",\"@graph\":[{\"@type\":\"WebPage\",\"@id\":\"https:\\\/\\\/clinicafertia.com\\\/it\\\/politica-de-privacidad\",\"url\":\"https:\\\/\\\/clinicafertia.com\\\/it\\\/politica-de-privacidad\",\"name\":\"Informativa sulla Privacy - Cl\u00ednica Fertia\",\"isPartOf\":{\"@id\":\"https:\\\/\\\/clinicafertia.com\\\/it#website\"},\"datePublished\":\"2026-05-13T18:44:18+00:00\",\"dateModified\":\"2026-08-01T09:46:00+00:00\",\"breadcrumb\":{\"@id\":\"https:\\\/\\\/clinicafertia.com\\\/it\\\/politica-de-privacidad#breadcrumb\"},\"inLanguage\":\"it-IT\",\"potentialAction\":[{\"@type\":\"ReadAction\",\"target\":[\"https:\\\/\\\/clinicafertia.com\\\/it\\\/politica-de-privacidad\"]}]},{\"@type\":\"BreadcrumbList\",\"@id\":\"https:\\\/\\\/clinicafertia.com\\\/it\\\/politica-de-privacidad#breadcrumb\",\"itemListElement\":[{\"@type\":\"ListItem\",\"position\":1,\"name\":\"Portada\",\"item\":\"https:\\\/\\\/clinicafertia.com\\\/it\"},{\"@type\":\"ListItem\",\"position\":2,\"name\":\"Informativa sulla Privacy\"}]},{\"@type\":\"WebSite\",\"@id\":\"https:\\\/\\\/clinicafertia.com\\\/it#website\",\"url\":\"https:\\\/\\\/clinicafertia.com\\\/it\",\"name\":\"Cl\u00ednica Fertia\",\"description\":\"Cl\u00ednica de fertilidad en M\u00e1laga\",\"publisher\":{\"@id\":\"https:\\\/\\\/clinicafertia.com\\\/it#organization\"},\"potentialAction\":[{\"@type\":\"SearchAction\",\"target\":{\"@type\":\"EntryPoint\",\"urlTemplate\":\"https:\\\/\\\/clinicafertia.com\\\/it?s={search_term_string}\"},\"query-input\":{\"@type\":\"PropertyValueSpecification\",\"valueRequired\":true,\"valueName\":\"search_term_string\"}}],\"inLanguage\":\"it-IT\"},{\"@type\":\"Organization\",\"@id\":\"https:\\\/\\\/clinicafertia.com\\\/it#organization\",\"name\":\"Cl\u00ednica Fertia\",\"url\":\"https:\\\/\\\/clinicafertia.com\\\/it\",\"logo\":{\"@type\":\"ImageObject\",\"inLanguage\":\"it-IT\",\"@id\":\"https:\\\/\\\/clinicafertia.com\\\/it#\\\/schema\\\/logo\\\/image\\\/\",\"url\":\"https:\\\/\\\/clinicafertia.com\\\/wp-content\\\/uploads\\\/2026\\\/03\\\/clinica-fertia-logo-1.svg\",\"contentUrl\":\"https:\\\/\\\/clinicafertia.com\\\/wp-content\\\/uploads\\\/2026\\\/03\\\/clinica-fertia-logo-1.svg\",\"width\":300,\"height\":132,\"caption\":\"Cl\u00ednica Fertia\"},\"image\":{\"@id\":\"https:\\\/\\\/clinicafertia.com\\\/it#\\\/schema\\\/logo\\\/image\\\/\"},\"sameAs\":[\"https:\\\/\\\/www.facebook.com\\\/Clinica.Fertia\\\/\",\"https:\\\/\\\/www.instagram.com\\\/clinicafertia\\\/\",\"https:\\\/\\\/www.linkedin.com\\\/company\\\/clinica-fertia\\\/\",\"https:\\\/\\\/www.youtube.com\\\/user\\\/clinicafertia\\\/videos\"]}]}<\/script>\n<!-- \/ Yoast SEO Premium plugin. -->","yoast_head_json":{"title":"Informativa sulla Privacy - Cl\u00ednica Fertia","robots":{"index":"noindex","follow":"nofollow"},"og_locale":"it_IT","og_type":"article","og_title":"Informativa sulla Privacy","og_description":"Informativa sulla Protezione dei Dati Informativa sulla Protezione dei dati di \u00a0 OY FERTIA COSTA DEL SOL SL. 1- Chi \u00e8 il Titolare del trattamento dei Suoi dati? Il titolare dei trattamenti di dati relativi ai diversi processi riguardanti la gestione di utenti, clienti e clienti potenziali, collaboratori e fornitori \u00e8 OY FERTIA COSTA DEL [&hellip;]","og_url":"https:\/\/clinicafertia.com\/it\/politica-de-privacidad","og_site_name":"Cl\u00ednica Fertia","article_publisher":"https:\/\/www.facebook.com\/Clinica.Fertia\/","article_modified_time":"2026-08-01T09:46:00+00:00","twitter_card":"summary_large_image","twitter_misc":{"Tempo di lettura stimato":"11 minuti"},"schema":{"@context":"https:\/\/schema.org","@graph":[{"@type":"WebPage","@id":"https:\/\/clinicafertia.com\/it\/politica-de-privacidad","url":"https:\/\/clinicafertia.com\/it\/politica-de-privacidad","name":"Informativa sulla Privacy - Cl\u00ednica Fertia","isPartOf":{"@id":"https:\/\/clinicafertia.com\/it#website"},"datePublished":"2026-05-13T18:44:18+00:00","dateModified":"2026-08-01T09:46:00+00:00","breadcrumb":{"@id":"https:\/\/clinicafertia.com\/it\/politica-de-privacidad#breadcrumb"},"inLanguage":"it-IT","potentialAction":[{"@type":"ReadAction","target":["https:\/\/clinicafertia.com\/it\/politica-de-privacidad"]}]},{"@type":"BreadcrumbList","@id":"https:\/\/clinicafertia.com\/it\/politica-de-privacidad#breadcrumb","itemListElement":[{"@type":"ListItem","position":1,"name":"Portada","item":"https:\/\/clinicafertia.com\/it"},{"@type":"ListItem","position":2,"name":"Informativa sulla Privacy"}]},{"@type":"WebSite","@id":"https:\/\/clinicafertia.com\/it#website","url":"https:\/\/clinicafertia.com\/it","name":"Cl\u00ednica Fertia","description":"Cl\u00ednica de fertilidad en M\u00e1laga","publisher":{"@id":"https:\/\/clinicafertia.com\/it#organization"},"potentialAction":[{"@type":"SearchAction","target":{"@type":"EntryPoint","urlTemplate":"https:\/\/clinicafertia.com\/it?s={search_term_string}"},"query-input":{"@type":"PropertyValueSpecification","valueRequired":true,"valueName":"search_term_string"}}],"inLanguage":"it-IT"},{"@type":"Organization","@id":"https:\/\/clinicafertia.com\/it#organization","name":"Cl\u00ednica Fertia","url":"https:\/\/clinicafertia.com\/it","logo":{"@type":"ImageObject","inLanguage":"it-IT","@id":"https:\/\/clinicafertia.com\/it#\/schema\/logo\/image\/","url":"https:\/\/clinicafertia.com\/wp-content\/uploads\/2026\/03\/clinica-fertia-logo-1.svg","contentUrl":"https:\/\/clinicafertia.com\/wp-content\/uploads\/2026\/03\/clinica-fertia-logo-1.svg","width":300,"height":132,"caption":"Cl\u00ednica Fertia"},"image":{"@id":"https:\/\/clinicafertia.com\/it#\/schema\/logo\/image\/"},"sameAs":["https:\/\/www.facebook.com\/Clinica.Fertia\/","https:\/\/www.instagram.com\/clinicafertia\/","https:\/\/www.linkedin.com\/company\/clinica-fertia\/","https:\/\/www.youtube.com\/user\/clinicafertia\/videos"]}]}},"_links":{"self":[{"href":"https:\/\/clinicafertia.com\/it\/wp-json\/wp\/v2\/pages\/32052","targetHints":{"allow":["GET"]}}],"collection":[{"href":"https:\/\/clinicafertia.com\/it\/wp-json\/wp\/v2\/pages"}],"about":[{"href":"https:\/\/clinicafertia.com\/it\/wp-json\/wp\/v2\/types\/page"}],"author":[{"embeddable":true,"href":"https:\/\/clinicafertia.com\/it\/wp-json\/wp\/v2\/users\/3"}],"replies":[{"embeddable":true,"href":"https:\/\/clinicafertia.com\/it\/wp-json\/wp\/v2\/comments?post=32052"}],"version-history":[{"count":0,"href":"https:\/\/clinicafertia.com\/it\/wp-json\/wp\/v2\/pages\/32052\/revisions"}],"wp:attachment":[{"href":"https:\/\/clinicafertia.com\/it\/wp-json\/wp\/v2\/media?parent=32052"}],"curies":[{"name":"wp","href":"https:\/\/api.w.org\/{rel}","templated":true}]}}